{"id":9113,"date":"2025-10-29T16:44:00","date_gmt":"2025-10-29T13:44:00","guid":{"rendered":"https:\/\/www.kapi.ltd\/urun\/yeni-kapi-modeli\/"},"modified":"2026-01-24T12:20:45","modified_gmt":"2026-01-24T09:20:45","slug":"model-i-ri-i-deres","status":"publish","type":"product","link":"https:\/\/www.kapi.ltd\/sq\/urun\/model-i-ri-i-deres\/","title":{"rendered":"Model i ri i der\u00ebs"},"content":{"rendered":"<p>Modeli i Der\u00ebs s\u00eb \u00c7elikut: Modelet e Der\u00ebs Ku Takohen Dizajni Modern dhe Eleganca<\/p>\n<p>Modelet e dyerve t\u00eb \u00e7elikut, duke ofruar stil dhe siguri p\u00ebr hap\u00ebsirat moderne t\u00eb jetes\u00ebs, po b\u00ebhen \u00e7do dit\u00eb e m\u00eb t\u00eb k\u00ebndshme dhe funksionale estetikisht. Dizajnet e dyerve t\u00eb \u00e7elikut q\u00eb kombinojn\u00eb tonet e antracitit dhe drurit ofrojn\u00eb nj\u00eb mund\u00ebsi t\u00eb shk\u00eblqyer si p\u00ebr sa i p\u00ebrket pamjes s\u00eb jashtme ashtu edhe q\u00ebndrueshm\u00ebris\u00eb.<\/p>\n<p>N\u00eb k\u00ebt\u00eb model modern t\u00eb der\u00ebs s\u00eb \u00e7elikut, doreza e gjat\u00eb e zez\u00eb e der\u00ebs prej \u00e7eliku bie n\u00eb sy si nj\u00eb tipar mbres\u00ebl\u00ebn\u00ebs. Tekstura elegante e s\u00eb zez\u00ebs i shton nj\u00eb prekje luksoze der\u00ebs suaj, nd\u00ebrsa dizajni i dorez\u00ebs s\u00eb gjat\u00eb ofron nj\u00eb pamje moderne. Duke ofruar si stil ashtu edhe funksionalitet, kjo der\u00eb \u00e7eliku \u00ebsht\u00eb nj\u00eb zgjedhje ideale p\u00ebr ata q\u00eb duan t&#8217;i japin p\u00ebrpar\u00ebsi siguris\u00eb dhe estetik\u00ebs n\u00eb hap\u00ebsirat e tyre t\u00eb jashtme.<\/p>\n<p>Ngjyra antracit e modelit t\u00eb der\u00ebs plot\u00ebson n\u00eb m\u00ebnyr\u00eb t\u00eb p\u00ebrkryer \u00e7do dekorim t\u00eb jasht\u00ebm. E kombinuar me tonet e drurit, krijon nj\u00eb pamje natyrale dhe t\u00eb sofistikuar. Ky dizajn elegant i shton nj\u00eb prekje elegante pjes\u00ebs s\u00eb jashtme t\u00eb sht\u00ebpis\u00eb suaj, duke ofruar performanc\u00eb t\u00eb lart\u00eb si p\u00ebr sa i p\u00ebrket mbrojtjes ashtu edhe estetik\u00ebs.<\/p>\n<p>Ky model modern i der\u00ebs s\u00eb \u00e7elikut do t&#8217;i shtoj\u00eb prestigj hyrjes s\u00eb sht\u00ebpis\u00eb suaj me struktur\u00ebn e tij t\u00eb q\u00ebndrueshme, dizajnin elegant dhe karakteristikat e siguris\u00eb.<\/p>\n","protected":false},"excerpt":{"rendered":"<p>Modeli i Der\u00ebs s\u00eb \u00c7elikut: Modelet e Der\u00ebs Ku Takohen Dizajni Modern dhe Eleganca Modelet e dyerve t\u00eb \u00e7elikut, duke ofruar stil dhe siguri p\u00ebr hap\u00ebsirat moderne t\u00eb jetes\u00ebs, po b\u00ebhen \u00e7do dit\u00eb e m\u00eb t\u00eb k\u00ebndshme dhe funksionale estetikisht. Dizajnet e dyerve t\u00eb \u00e7elikut q\u00eb kombinojn\u00eb tonet e antracitit dhe drurit ofrojn\u00eb nj\u00eb mund\u00ebsi<\/p>\n","protected":false},"featured_media":9114,"template":"","meta":{"_bbp_topic_count":0,"_bbp_reply_count":0,"_bbp_total_topic_count":0,"_bbp_total_reply_count":0,"_bbp_voice_count":0,"_bbp_anonymous_reply_count":0,"_bbp_topic_count_hidden":0,"_bbp_reply_count_hidden":0,"_bbp_forum_subforum_count":0},"product_brand":[],"product_cat":[729],"product_tag":[],"class_list":{"0":"post-9113","1":"product","2":"type-product","3":"status-publish","4":"has-post-thumbnail","6":"product_cat-dyer-moderne-te-blinduara","8":"first","9":"instock","10":"shipping-taxable","11":"product-type-simple","12":"prodpage-classic"},"yoast_head":"<!-- This site is optimized with the Yoast SEO Premium plugin v26.6 (Yoast SEO v27.5) - https:\/\/yoast.com\/product\/yoast-seo-premium-wordpress\/ -->\n<title>Model i ri i der\u00ebs - Model modern i der\u00ebs s\u00eb \u00e7elikut - modeli i der\u00ebs s\u00eb \u00e7elikut<\/title>\n<meta name=\"description\" content=\"Modele Moderne t\u00eb Dyerve prej \u00c7eliku - Kombinim Ngjyrash Antracit dhe Druri, Dizajne t\u00eb Ndryshme n\u00eb Modelin e Ri t\u00eb Der\u00ebs me Dorez\u00eb t\u00eb Gjat\u00eb \u00c7eliku t\u00eb Zi\" \/>\n<meta name=\"robots\" content=\"index, follow, max-snippet:-1, max-image-preview:large, max-video-preview:-1\" \/>\n<link rel=\"canonical\" href=\"https:\/\/www.kapi.ltd\/sq\/urun\/model-i-ri-i-deres\/\" \/>\n<meta property=\"og:locale\" content=\"sq_AL\" \/>\n<meta property=\"og:type\" content=\"article\" \/>\n<meta property=\"og:title\" content=\"Model i ri i der\u00ebs\" \/>\n<meta property=\"og:description\" content=\"Modele Moderne t\u00eb Dyerve prej \u00c7eliku - Kombinim Ngjyrash Antracit dhe Druri, Dizajne t\u00eb Ndryshme n\u00eb Modelin e Ri t\u00eb Der\u00ebs me Dorez\u00eb t\u00eb Gjat\u00eb \u00c7eliku t\u00eb Zi\" \/>\n<meta property=\"og:url\" content=\"https:\/\/www.kapi.ltd\/sq\/urun\/model-i-ri-i-deres\/\" \/>\n<meta property=\"og:site_name\" content=\"\u0130\u00e7 Oda Kap\u0131lar\u0131 - \u00c7elik kap\u0131 modelleri - apartman kap\u0131lar\u0131\" \/>\n<meta property=\"article:modified_time\" content=\"2026-01-24T09:20:45+00:00\" \/>\n<meta property=\"og:image\" content=\"https:\/\/www.kapi.ltd\/wp-content\/uploads\/2025\/10\/yeni-kapi-modeli.webp\" \/>\n\t<meta property=\"og:image:width\" content=\"650\" \/>\n\t<meta property=\"og:image:height\" content=\"975\" \/>\n\t<meta property=\"og:image:type\" content=\"image\/webp\" \/>\n<meta name=\"twitter:card\" content=\"summary_large_image\" \/>\n<meta name=\"twitter:label1\" content=\"Est. reading time\" \/>\n\t<meta name=\"twitter:data1\" content=\"2 minuta\" \/>\n<script type=\"application\/ld+json\" class=\"yoast-schema-graph\">{\"@context\":\"https:\\\/\\\/schema.org\",\"@graph\":[{\"@type\":\"WebPage\",\"@id\":\"https:\\\/\\\/www.kapi.ltd\\\/sq\\\/urun\\\/model-i-ri-i-deres\\\/\",\"url\":\"https:\\\/\\\/www.kapi.ltd\\\/sq\\\/urun\\\/model-i-ri-i-deres\\\/\",\"name\":\"Model i ri i der\u00ebs - Model modern i der\u00ebs s\u00eb \u00e7elikut - modeli i der\u00ebs s\u00eb \u00e7elikut\",\"isPartOf\":{\"@id\":\"https:\\\/\\\/www.kapi.ltd\\\/sq\\\/#website\"},\"primaryImageOfPage\":{\"@id\":\"https:\\\/\\\/www.kapi.ltd\\\/sq\\\/urun\\\/model-i-ri-i-deres\\\/#primaryimage\"},\"image\":{\"@id\":\"https:\\\/\\\/www.kapi.ltd\\\/sq\\\/urun\\\/model-i-ri-i-deres\\\/#primaryimage\"},\"thumbnailUrl\":\"https:\\\/\\\/www.kapi.ltd\\\/wp-content\\\/uploads\\\/2025\\\/10\\\/yeni-kapi-modeli.webp\",\"datePublished\":\"2025-10-29T13:44:00+00:00\",\"dateModified\":\"2026-01-24T09:20:45+00:00\",\"description\":\"Modele Moderne t\u00eb Dyerve prej \u00c7eliku - Kombinim Ngjyrash Antracit dhe Druri, Dizajne t\u00eb Ndryshme n\u00eb Modelin e Ri t\u00eb Der\u00ebs me Dorez\u00eb t\u00eb Gjat\u00eb \u00c7eliku t\u00eb Zi\",\"breadcrumb\":{\"@id\":\"https:\\\/\\\/www.kapi.ltd\\\/sq\\\/urun\\\/model-i-ri-i-deres\\\/#breadcrumb\"},\"inLanguage\":\"sq\",\"potentialAction\":[{\"@type\":\"ReadAction\",\"target\":[\"https:\\\/\\\/www.kapi.ltd\\\/sq\\\/urun\\\/model-i-ri-i-deres\\\/\"]}]},{\"@type\":\"ImageObject\",\"inLanguage\":\"sq\",\"@id\":\"https:\\\/\\\/www.kapi.ltd\\\/sq\\\/urun\\\/model-i-ri-i-deres\\\/#primaryimage\",\"url\":\"https:\\\/\\\/www.kapi.ltd\\\/wp-content\\\/uploads\\\/2025\\\/10\\\/yeni-kapi-modeli.webp\",\"contentUrl\":\"https:\\\/\\\/www.kapi.ltd\\\/wp-content\\\/uploads\\\/2025\\\/10\\\/yeni-kapi-modeli.webp\",\"width\":650,\"height\":975,\"caption\":\"yeni kap\u0131 modeli\"},{\"@type\":\"BreadcrumbList\",\"@id\":\"https:\\\/\\\/www.kapi.ltd\\\/sq\\\/urun\\\/model-i-ri-i-deres\\\/#breadcrumb\",\"itemListElement\":[{\"@type\":\"ListItem\",\"position\":1,\"name\":\"Anasayfa\",\"item\":\"https:\\\/\\\/www.kapi.ltd\\\/sq\\\/\"},{\"@type\":\"ListItem\",\"position\":2,\"name\":\"ic-kapi-celik-kapi-modelleri\",\"item\":\"https:\\\/\\\/www.kapi.ltd\\\/?page_id=4263\"},{\"@type\":\"ListItem\",\"position\":3,\"name\":\"Model i ri i der\u00ebs\"}]},{\"@type\":\"WebSite\",\"@id\":\"https:\\\/\\\/www.kapi.ltd\\\/sq\\\/#website\",\"url\":\"https:\\\/\\\/www.kapi.ltd\\\/sq\\\/\",\"name\":\"\u0130\u00e7 Kap\u0131 Ve \u00c7elik Kap\u0131 Modelleri\",\"description\":\"T\u00fcrkiye Kap\u0131 Modelleri Merkezi\",\"potentialAction\":[{\"@type\":\"SearchAction\",\"target\":{\"@type\":\"EntryPoint\",\"urlTemplate\":\"https:\\\/\\\/www.kapi.ltd\\\/sq\\\/?s={search_term_string}\"},\"query-input\":{\"@type\":\"PropertyValueSpecification\",\"valueRequired\":true,\"valueName\":\"search_term_string\"}}],\"inLanguage\":\"sq\"}]}<\/script>\n<!-- \/ Yoast SEO Premium plugin. -->","yoast_head_json":{"title":"Model i ri i der\u00ebs - Model modern i der\u00ebs s\u00eb \u00e7elikut - modeli i der\u00ebs s\u00eb \u00e7elikut","description":"Modele Moderne t\u00eb Dyerve prej \u00c7eliku - Kombinim Ngjyrash Antracit dhe Druri, Dizajne t\u00eb Ndryshme n\u00eb Modelin e Ri t\u00eb Der\u00ebs me Dorez\u00eb t\u00eb Gjat\u00eb \u00c7eliku t\u00eb Zi","robots":{"index":"index","follow":"follow","max-snippet":"max-snippet:-1","max-image-preview":"max-image-preview:large","max-video-preview":"max-video-preview:-1"},"canonical":"https:\/\/www.kapi.ltd\/sq\/urun\/model-i-ri-i-deres\/","og_locale":"sq_AL","og_type":"article","og_title":"Model i ri i der\u00ebs","og_description":"Modele Moderne t\u00eb Dyerve prej \u00c7eliku - Kombinim Ngjyrash Antracit dhe Druri, Dizajne t\u00eb Ndryshme n\u00eb Modelin e Ri t\u00eb Der\u00ebs me Dorez\u00eb t\u00eb Gjat\u00eb \u00c7eliku t\u00eb Zi","og_url":"https:\/\/www.kapi.ltd\/sq\/urun\/model-i-ri-i-deres\/","og_site_name":"\u0130\u00e7 Oda Kap\u0131lar\u0131 - \u00c7elik kap\u0131 modelleri - apartman kap\u0131lar\u0131","article_modified_time":"2026-01-24T09:20:45+00:00","og_image":[{"width":650,"height":975,"url":"https:\/\/www.kapi.ltd\/wp-content\/uploads\/2025\/10\/yeni-kapi-modeli.webp","type":"image\/webp"}],"twitter_card":"summary_large_image","twitter_misc":{"Est. reading time":"2 minuta"},"schema":{"@context":"https:\/\/schema.org","@graph":[{"@type":"WebPage","@id":"https:\/\/www.kapi.ltd\/sq\/urun\/model-i-ri-i-deres\/","url":"https:\/\/www.kapi.ltd\/sq\/urun\/model-i-ri-i-deres\/","name":"Model i ri i der\u00ebs - Model modern i der\u00ebs s\u00eb \u00e7elikut - modeli i der\u00ebs s\u00eb \u00e7elikut","isPartOf":{"@id":"https:\/\/www.kapi.ltd\/sq\/#website"},"primaryImageOfPage":{"@id":"https:\/\/www.kapi.ltd\/sq\/urun\/model-i-ri-i-deres\/#primaryimage"},"image":{"@id":"https:\/\/www.kapi.ltd\/sq\/urun\/model-i-ri-i-deres\/#primaryimage"},"thumbnailUrl":"https:\/\/www.kapi.ltd\/wp-content\/uploads\/2025\/10\/yeni-kapi-modeli.webp","datePublished":"2025-10-29T13:44:00+00:00","dateModified":"2026-01-24T09:20:45+00:00","description":"Modele Moderne t\u00eb Dyerve prej \u00c7eliku - Kombinim Ngjyrash Antracit dhe Druri, Dizajne t\u00eb Ndryshme n\u00eb Modelin e Ri t\u00eb Der\u00ebs me Dorez\u00eb t\u00eb Gjat\u00eb \u00c7eliku t\u00eb Zi","breadcrumb":{"@id":"https:\/\/www.kapi.ltd\/sq\/urun\/model-i-ri-i-deres\/#breadcrumb"},"inLanguage":"sq","potentialAction":[{"@type":"ReadAction","target":["https:\/\/www.kapi.ltd\/sq\/urun\/model-i-ri-i-deres\/"]}]},{"@type":"ImageObject","inLanguage":"sq","@id":"https:\/\/www.kapi.ltd\/sq\/urun\/model-i-ri-i-deres\/#primaryimage","url":"https:\/\/www.kapi.ltd\/wp-content\/uploads\/2025\/10\/yeni-kapi-modeli.webp","contentUrl":"https:\/\/www.kapi.ltd\/wp-content\/uploads\/2025\/10\/yeni-kapi-modeli.webp","width":650,"height":975,"caption":"yeni kap\u0131 modeli"},{"@type":"BreadcrumbList","@id":"https:\/\/www.kapi.ltd\/sq\/urun\/model-i-ri-i-deres\/#breadcrumb","itemListElement":[{"@type":"ListItem","position":1,"name":"Anasayfa","item":"https:\/\/www.kapi.ltd\/sq\/"},{"@type":"ListItem","position":2,"name":"ic-kapi-celik-kapi-modelleri","item":"https:\/\/www.kapi.ltd\/?page_id=4263"},{"@type":"ListItem","position":3,"name":"Model i ri i der\u00ebs"}]},{"@type":"WebSite","@id":"https:\/\/www.kapi.ltd\/sq\/#website","url":"https:\/\/www.kapi.ltd\/sq\/","name":"\u0130\u00e7 Kap\u0131 Ve \u00c7elik Kap\u0131 Modelleri","description":"T\u00fcrkiye Kap\u0131 Modelleri Merkezi","potentialAction":[{"@type":"SearchAction","target":{"@type":"EntryPoint","urlTemplate":"https:\/\/www.kapi.ltd\/sq\/?s={search_term_string}"},"query-input":{"@type":"PropertyValueSpecification","valueRequired":true,"valueName":"search_term_string"}}],"inLanguage":"sq"}]}},"_links":{"self":[{"href":"https:\/\/www.kapi.ltd\/sq\/wp-json\/wp\/v2\/product\/9113","targetHints":{"allow":["GET"]}}],"collection":[{"href":"https:\/\/www.kapi.ltd\/sq\/wp-json\/wp\/v2\/product"}],"about":[{"href":"https:\/\/www.kapi.ltd\/sq\/wp-json\/wp\/v2\/types\/product"}],"version-history":[{"count":2,"href":"https:\/\/www.kapi.ltd\/sq\/wp-json\/wp\/v2\/product\/9113\/revisions"}],"predecessor-version":[{"id":9149,"href":"https:\/\/www.kapi.ltd\/sq\/wp-json\/wp\/v2\/product\/9113\/revisions\/9149"}],"wp:featuredmedia":[{"embeddable":true,"href":"https:\/\/www.kapi.ltd\/sq\/wp-json\/wp\/v2\/media\/9114"}],"wp:attachment":[{"href":"https:\/\/www.kapi.ltd\/sq\/wp-json\/wp\/v2\/media?parent=9113"}],"wp:term":[{"taxonomy":"product_brand","embeddable":true,"href":"https:\/\/www.kapi.ltd\/sq\/wp-json\/wp\/v2\/product_brand?post=9113"},{"taxonomy":"product_cat","embeddable":true,"href":"https:\/\/www.kapi.ltd\/sq\/wp-json\/wp\/v2\/product_cat?post=9113"},{"taxonomy":"product_tag","embeddable":true,"href":"https:\/\/www.kapi.ltd\/sq\/wp-json\/wp\/v2\/product_tag?post=9113"}],"curies":[{"name":"wp","href":"https:\/\/api.w.org\/{rel}","templated":true}]}}