{"id":7399,"date":"2025-10-30T00:48:17","date_gmt":"2025-10-29T21:48:17","guid":{"rendered":"https:\/\/www.kapi.ltd\/urun\/ev-dis-kapisi\/"},"modified":"2025-10-30T00:48:17","modified_gmt":"2025-10-29T21:48:17","slug":"ev-dis-kapisi","status":"publish","type":"product","link":"https:\/\/www.kapi.ltd\/sq\/urun\/ev-dis-kapisi\/","title":{"rendered":"Ev D\u0131\u015f Kap\u0131s\u0131"},"content":{"rendered":"<p data-start=\"0\" data-end=\"61\"><strong data-start=\"0\" data-end=\"61\">Modern Tasar\u0131ml\u0131 Antrasit ve Ah\u015fap Renkli \u00c7elik Ev Kap\u0131s\u0131<\/strong><\/p>\n<p data-start=\"63\" data-end=\"690\">Ev kap\u0131s\u0131, bir evin g\u00fcvenli\u011fini sa\u011flamak ve d\u0131\u015f mekanla i\u00e7 mekan aras\u0131ndaki ge\u00e7i\u015fi d\u00fczenlemek i\u00e7in en \u00f6nemli unsurlardan biridir. Bunun yan\u0131 s\u0131ra, ev d\u0131\u015f kap\u0131s\u0131, evin d\u0131\u015f g\u00f6r\u00fcn\u00fcm\u00fcn\u00fc tamamlayan ve ya\u015fam alan\u0131n\u0131z\u0131n tarz\u0131n\u0131 yans\u0131tan bir \u00f6\u011fedir. Hem g\u00fcvenli\u011fi art\u0131ran hem de estetik a\u00e7\u0131dan \u015f\u0131kl\u0131k sa\u011flayan <strong data-start=\"365\" data-end=\"387\">giri\u015f \u00e7elik kap\u0131s\u0131<\/strong> modelleri, son y\u0131llarda i\u00e7 mekan ve d\u0131\u015f mekan dekorasyonunun ayr\u0131lmaz bir par\u00e7as\u0131 haline gelmi\u015ftir. Bug\u00fcn sizlere, <strong data-start=\"503\" data-end=\"576\">antrasit ve ah\u015fap renklerinden olu\u015fan modern tasar\u0131mda bir \u00e7elik kap\u0131<\/strong> modeli sunuyoruz. Bu <strong data-start=\"598\" data-end=\"617\">ev giri\u015f kap\u0131s\u0131<\/strong>, estetik ve fonksiyonelli\u011fi bir arada arayanlar i\u00e7in m\u00fckemmel bir se\u00e7im!<\/p>\n<h3 data-start=\"692\" data-end=\"744\"><strong data-start=\"696\" data-end=\"744\">Estetik ve G\u00fcvenli\u011fi Bir Arada Sunan Tasar\u0131m<\/strong><\/h3>\n<p data-start=\"746\" data-end=\"1273\">Yeni <strong data-start=\"751\" data-end=\"773\">giri\u015f \u00e7elik kap\u0131s\u0131<\/strong> tasar\u0131m\u0131m\u0131z, evinizi hem g\u00fcvenli k\u0131lacak hem de modern d\u0131\u015f cephelerinizle uyum sa\u011flayacak \u015fekilde tasarland\u0131. Antrasit renginin sofistike ve modern duru\u015fu, ah\u015fap dokusunun do\u011fal ve s\u0131cak havas\u0131yla birle\u015ferek, zamans\u0131z bir tasar\u0131m ortaya \u00e7\u0131kar\u0131yor. <strong data-start=\"1022\" data-end=\"1039\">Ev d\u0131\u015f kap\u0131s\u0131<\/strong> olarak kullan\u0131lan bu \u00e7elik kap\u0131, evinizin d\u0131\u015f cephesinde dikkat \u00e7eken bir par\u00e7a haline gelecek. Antrasit ve ah\u015fap renkleri, \u00f6zellikle \u00e7a\u011fda\u015f mimaride s\u0131kl\u0131kla tercih edilen kombinasyonlardan biridir ve her t\u00fcr ev tarz\u0131na uyum sa\u011flar.<\/p>\n<p data-start=\"1275\" data-end=\"1628\"><strong data-start=\"1275\" data-end=\"1288\">Ev kap\u0131s\u0131<\/strong> se\u00e7imi yaparken estetik kadar g\u00fcvenlik de son derece \u00f6nemlidir. Bu <strong data-start=\"1356\" data-end=\"1378\">giri\u015f \u00e7elik kap\u0131s\u0131<\/strong> modeli, \u00e7elik yap\u0131s\u0131yla sa\u011flaml\u0131k ve g\u00fcvenli\u011fi \u00fcst seviyeye ta\u015f\u0131r. G\u00fc\u00e7l\u00fc yap\u0131s\u0131 sayesinde, d\u0131\u015far\u0131dan gelecek olas\u0131 tehditlere kar\u015f\u0131 evinizi en iyi \u015fekilde korur. Ayr\u0131ca, dayan\u0131kl\u0131 malzemesi ve uzun \u00f6m\u00fcrl\u00fc yap\u0131s\u0131 ile y\u0131llar boyu g\u00fcvenli\u011finizi sa\u011flar.<\/p>\n<h3 data-start=\"1630\" data-end=\"1675\"><strong data-start=\"1634\" data-end=\"1675\">Y\u00fcksek Kalite ve Uzun \u00d6m\u00fcrl\u00fc Kullan\u0131m<\/strong><\/h3>\n<p data-start=\"1677\" data-end=\"2160\">Modern <strong data-start=\"1684\" data-end=\"1706\">giri\u015f \u00e7elik kap\u0131s\u0131<\/strong>, sadece d\u0131\u015far\u0131dan g\u00f6r\u00fcn\u00fc\u015f\u00fcyle de\u011fil, sa\u011flam yap\u0131s\u0131yla da dikkat \u00e7eker. \u00c7elik malzeme, g\u00fcvenli\u011fi art\u0131ran ve uzun y\u0131llar boyunca bak\u0131m gerektirmeyen bir se\u00e7enek sunar. Kap\u0131, her t\u00fcrl\u00fc hava ko\u015fuluna kar\u015f\u0131 dayan\u0131kl\u0131 olup, d\u0131\u015f etkenlerden etkilenmez. G\u00fcne\u015f \u0131\u015f\u0131\u011f\u0131ndan, ya\u011fmurdan ya da r\u00fczgardan etkilenmeyen bu <strong data-start=\"2012\" data-end=\"2029\">ev d\u0131\u015f kap\u0131s\u0131<\/strong> modeli, ilk g\u00fcnk\u00fc gibi sa\u011flam kal\u0131r. Ayr\u0131ca, \u00e7elik malzemenin paslanma veya \u00e7\u00fcr\u00fcme gibi sorunlarla kar\u015f\u0131la\u015fma olas\u0131l\u0131\u011f\u0131 da yoktur.<\/p>\n<p data-start=\"2162\" data-end=\"2518\">Bunlar\u0131n yan\u0131 s\u0131ra, <strong data-start=\"2182\" data-end=\"2195\">ev kap\u0131s\u0131<\/strong> tasar\u0131m\u0131m\u0131zda kullan\u0131lan ah\u015fap detaylar, do\u011fal bir dokunu\u015f katarken, i\u00e7 mekanla da uyum sa\u011flar. Ah\u015fap, evinize s\u0131cakl\u0131k ve rahatl\u0131k getirirken, d\u0131\u015f cephede modern bir kontrast yarat\u0131r. <strong data-start=\"2381\" data-end=\"2393\">Antrasit<\/strong> renginin so\u011fuk tonlar\u0131, ah\u015fab\u0131n s\u0131cakl\u0131\u011f\u0131yla m\u00fckemmel bir denge olu\u015fturur, bu sayede g\u00f6rsel a\u00e7\u0131dan ho\u015f bir uyum elde edilir.<\/p>\n<h3 data-start=\"2520\" data-end=\"2560\"><strong data-start=\"2524\" data-end=\"2560\">Fonksiyonellik ve Kolay Kullan\u0131m<\/strong><\/h3>\n<p data-start=\"2562\" data-end=\"3111\">Evinize d\u0131\u015far\u0131dan gelen her misafir ve her ki\u015fi, ilk olarak <strong data-start=\"2622\" data-end=\"2639\">ev d\u0131\u015f kap\u0131s\u0131<\/strong> ile kar\u015f\u0131la\u015f\u0131r. Bu sebeple, kap\u0131n\u0131n fonksiyonelli\u011fi b\u00fcy\u00fck \u00f6nem ta\u015f\u0131r. Uzun y\u0131llar boyunca sorunsuz kullan\u0131m sunan bu <strong data-start=\"2757\" data-end=\"2779\">giri\u015f \u00e7elik kap\u0131s\u0131<\/strong>, rahat bir kullan\u0131m i\u00e7in tasarlanm\u0131\u015f pratik \u00f6zelliklere sahiptir. Kap\u0131n\u0131n a\u00e7\u0131lma ve kapanma mekanizmas\u0131, sorunsuz ve sessiz bir \u015fekilde \u00e7al\u0131\u015f\u0131r. Ayr\u0131ca, kap\u0131n\u0131n <strong data-start=\"2941\" data-end=\"2958\">kilit sistemi<\/strong>, y\u00fcksek g\u00fcvenlik sa\u011flamak amac\u0131yla \u00e7ift y\u00f6nl\u00fc bir mekanizma ile donat\u0131lm\u0131\u015ft\u0131r. Bu, evinize izinsiz giri\u015fleri engelleyen g\u00fc\u00e7l\u00fc bir g\u00fcvenlik \u00f6nlemi sunar.<\/p>\n<p data-start=\"3113\" data-end=\"3426\">Kap\u0131n\u0131n estetik tasar\u0131m\u0131na ek olarak, <strong data-start=\"3151\" data-end=\"3173\">giri\u015f \u00e7elik kap\u0131s\u0131<\/strong> pratik \u00f6zellikleriyle de \u00f6ne \u00e7\u0131kar. \u00d6zellikle <strong data-start=\"3220\" data-end=\"3233\">ev kap\u0131s\u0131<\/strong> se\u00e7iminde rahatl\u0131k arayan kullan\u0131c\u0131lar i\u00e7in bu model m\u00fckemmel bir alternatif olacakt\u0131r. Uzun s\u00fcre boyunca hi\u00e7bir bak\u0131m gerektirmeden kullan\u0131labilir ve d\u0131\u015f mekan ko\u015fullar\u0131na kar\u015f\u0131 dayan\u0131kl\u0131d\u0131r.<\/p>\n<h3 data-start=\"3428\" data-end=\"3448\"><strong data-start=\"3432\" data-end=\"3448\">Sonu\u00e7 Olarak<\/strong><\/h3>\n<p data-start=\"3450\" data-end=\"3883\">Ev kap\u0131s\u0131 se\u00e7imi, evinize estetik de\u011fer katmak ve g\u00fcvenli\u011fi sa\u011flamak a\u00e7\u0131s\u0131ndan \u00e7ok \u00f6nemlidir. <strong data-start=\"3544\" data-end=\"3613\">Antrasit ve ah\u015fap renklerinden olu\u015fan modern tasar\u0131ml\u0131 \u00e7elik kap\u0131<\/strong>, bu iki \u00f6nemli \u00f6zelli\u011fi bir arada sunarak evinizi g\u00fcvenli hale getirirken, d\u0131\u015f cephenizde de \u015f\u0131kl\u0131\u011f\u0131 vurgular. Hem g\u00fcvenlik hem estetik a\u00e7\u0131dan \u00fcst d\u00fczey performans sunan bu <strong data-start=\"3787\" data-end=\"3809\">giri\u015f \u00e7elik kap\u0131s\u0131<\/strong>, evinize prestij katacak ve uzun y\u0131llar boyunca kullan\u0131m \u00f6mr\u00fc sunacakt\u0131r.<\/p>\n<p data-start=\"3885\" data-end=\"4055\" data-is-last-node=\"\" data-is-only-node=\"\">Evinizi korurken ayn\u0131 zamanda d\u0131\u015f mekan tasar\u0131m\u0131n\u0131z\u0131 \u00f6ne \u00e7\u0131karmak istiyorsan\u0131z, antrasit ve ah\u015fap renkli <strong data-start=\"3990\" data-end=\"4007\">ev d\u0131\u015f kap\u0131s\u0131<\/strong> modelimiz sizin i\u00e7in ideal bir se\u00e7im olacakt\u0131r.<\/p>\n","protected":false},"excerpt":{"rendered":"<p>Modern Tasar\u0131ml\u0131 Antrasit ve Ah\u015fap Renkli \u00c7elik Ev Kap\u0131s\u0131 Ev kap\u0131s\u0131, bir evin g\u00fcvenli\u011fini sa\u011flamak ve d\u0131\u015f mekanla i\u00e7 mekan aras\u0131ndaki ge\u00e7i\u015fi d\u00fczenlemek i\u00e7in en \u00f6nemli unsurlardan biridir. Bunun yan\u0131 s\u0131ra, ev d\u0131\u015f kap\u0131s\u0131, evin d\u0131\u015f g\u00f6r\u00fcn\u00fcm\u00fcn\u00fc tamamlayan ve ya\u015fam alan\u0131n\u0131z\u0131n tarz\u0131n\u0131 yans\u0131tan bir \u00f6\u011fedir. Hem g\u00fcvenli\u011fi art\u0131ran hem de estetik a\u00e7\u0131dan \u015f\u0131kl\u0131k sa\u011flayan giri\u015f<\/p>\n","protected":false},"featured_media":7400,"template":"","meta":{"_bbp_topic_count":0,"_bbp_reply_count":0,"_bbp_total_topic_count":0,"_bbp_total_reply_count":0,"_bbp_voice_count":0,"_bbp_anonymous_reply_count":0,"_bbp_topic_count_hidden":0,"_bbp_reply_count_hidden":0,"_bbp_forum_subforum_count":0},"product_brand":[],"product_cat":[729],"product_tag":[],"class_list":{"0":"post-7399","1":"product","2":"type-product","3":"status-publish","4":"has-post-thumbnail","6":"product_cat-dyer-moderne-te-blinduara","8":"first","9":"instock","10":"shipping-taxable","11":"product-type-simple","12":"prodpage-classic"},"yoast_head":"<!-- This site is optimized with the Yoast SEO Premium plugin v26.6 (Yoast SEO v27.5) - https:\/\/yoast.com\/product\/yoast-seo-premium-wordpress\/ -->\n<title>Ev D\u0131\u015f Kap\u0131s\u0131 - \u0130\u00e7 Oda Kap\u0131lar\u0131 - \u00c7elik kap\u0131 modelleri - apartman kap\u0131lar\u0131<\/title>\n<meta name=\"robots\" content=\"index, follow, max-snippet:-1, max-image-preview:large, max-video-preview:-1\" \/>\n<link rel=\"canonical\" href=\"https:\/\/www.kapi.ltd\/sq\/urun\/ev-dis-kapisi\/\" \/>\n<meta property=\"og:locale\" content=\"sq_AL\" \/>\n<meta property=\"og:type\" content=\"article\" \/>\n<meta property=\"og:title\" content=\"Ev D\u0131\u015f Kap\u0131s\u0131\" \/>\n<meta property=\"og:description\" content=\"Modern Tasar\u0131ml\u0131 Antrasit ve Ah\u015fap Renkli \u00c7elik Ev Kap\u0131s\u0131 Ev kap\u0131s\u0131, bir evin g\u00fcvenli\u011fini sa\u011flamak ve d\u0131\u015f mekanla i\u00e7 mekan aras\u0131ndaki ge\u00e7i\u015fi d\u00fczenlemek i\u00e7in en \u00f6nemli unsurlardan biridir. Bunun yan\u0131 s\u0131ra, ev d\u0131\u015f kap\u0131s\u0131, evin d\u0131\u015f g\u00f6r\u00fcn\u00fcm\u00fcn\u00fc tamamlayan ve ya\u015fam alan\u0131n\u0131z\u0131n tarz\u0131n\u0131 yans\u0131tan bir \u00f6\u011fedir. Hem g\u00fcvenli\u011fi art\u0131ran hem de estetik a\u00e7\u0131dan \u015f\u0131kl\u0131k sa\u011flayan giri\u015f\" \/>\n<meta property=\"og:url\" content=\"https:\/\/www.kapi.ltd\/sq\/urun\/ev-dis-kapisi\/\" \/>\n<meta property=\"og:site_name\" content=\"\u0130\u00e7 Oda Kap\u0131lar\u0131 - \u00c7elik kap\u0131 modelleri - apartman kap\u0131lar\u0131\" \/>\n<meta property=\"og:image\" content=\"https:\/\/www.kapi.ltd\/wp-content\/uploads\/2025\/10\/ev-dis-kapisi.webp\" \/>\n\t<meta property=\"og:image:width\" content=\"650\" \/>\n\t<meta property=\"og:image:height\" content=\"975\" \/>\n\t<meta property=\"og:image:type\" content=\"image\/webp\" \/>\n<meta name=\"twitter:card\" content=\"summary_large_image\" \/>\n<meta name=\"twitter:label1\" content=\"Est. reading time\" \/>\n\t<meta name=\"twitter:data1\" content=\"4 minuta\" \/>\n<script type=\"application\/ld+json\" class=\"yoast-schema-graph\">{\"@context\":\"https:\\\/\\\/schema.org\",\"@graph\":[{\"@type\":\"WebPage\",\"@id\":\"https:\\\/\\\/www.kapi.ltd\\\/sq\\\/urun\\\/ev-dis-kapisi\\\/\",\"url\":\"https:\\\/\\\/www.kapi.ltd\\\/sq\\\/urun\\\/ev-dis-kapisi\\\/\",\"name\":\"Ev D\u0131\u015f Kap\u0131s\u0131 - \u0130\u00e7 Oda Kap\u0131lar\u0131 - \u00c7elik kap\u0131 modelleri - apartman kap\u0131lar\u0131\",\"isPartOf\":{\"@id\":\"https:\\\/\\\/www.kapi.ltd\\\/sq\\\/#website\"},\"primaryImageOfPage\":{\"@id\":\"https:\\\/\\\/www.kapi.ltd\\\/sq\\\/urun\\\/ev-dis-kapisi\\\/#primaryimage\"},\"image\":{\"@id\":\"https:\\\/\\\/www.kapi.ltd\\\/sq\\\/urun\\\/ev-dis-kapisi\\\/#primaryimage\"},\"thumbnailUrl\":\"https:\\\/\\\/www.kapi.ltd\\\/wp-content\\\/uploads\\\/2025\\\/10\\\/ev-dis-kapisi.webp\",\"datePublished\":\"2025-10-29T21:48:17+00:00\",\"breadcrumb\":{\"@id\":\"https:\\\/\\\/www.kapi.ltd\\\/sq\\\/urun\\\/ev-dis-kapisi\\\/#breadcrumb\"},\"inLanguage\":\"sq\",\"potentialAction\":[{\"@type\":\"ReadAction\",\"target\":[\"https:\\\/\\\/www.kapi.ltd\\\/sq\\\/urun\\\/ev-dis-kapisi\\\/\"]}]},{\"@type\":\"ImageObject\",\"inLanguage\":\"sq\",\"@id\":\"https:\\\/\\\/www.kapi.ltd\\\/sq\\\/urun\\\/ev-dis-kapisi\\\/#primaryimage\",\"url\":\"https:\\\/\\\/www.kapi.ltd\\\/wp-content\\\/uploads\\\/2025\\\/10\\\/ev-dis-kapisi.webp\",\"contentUrl\":\"https:\\\/\\\/www.kapi.ltd\\\/wp-content\\\/uploads\\\/2025\\\/10\\\/ev-dis-kapisi.webp\",\"width\":650,\"height\":975,\"caption\":\"ev d\u0131\u015f kap\u0131s\u0131\"},{\"@type\":\"BreadcrumbList\",\"@id\":\"https:\\\/\\\/www.kapi.ltd\\\/sq\\\/urun\\\/ev-dis-kapisi\\\/#breadcrumb\",\"itemListElement\":[{\"@type\":\"ListItem\",\"position\":1,\"name\":\"Anasayfa\",\"item\":\"https:\\\/\\\/www.kapi.ltd\\\/sq\\\/\"},{\"@type\":\"ListItem\",\"position\":2,\"name\":\"ic-kapi-celik-kapi-modelleri\",\"item\":\"https:\\\/\\\/www.kapi.ltd\\\/?page_id=4263\"},{\"@type\":\"ListItem\",\"position\":3,\"name\":\"Ev D\u0131\u015f Kap\u0131s\u0131\"}]},{\"@type\":\"WebSite\",\"@id\":\"https:\\\/\\\/www.kapi.ltd\\\/sq\\\/#website\",\"url\":\"https:\\\/\\\/www.kapi.ltd\\\/sq\\\/\",\"name\":\"\u0130\u00e7 Kap\u0131 Ve \u00c7elik Kap\u0131 Modelleri\",\"description\":\"T\u00fcrkiye Kap\u0131 Modelleri Merkezi\",\"potentialAction\":[{\"@type\":\"SearchAction\",\"target\":{\"@type\":\"EntryPoint\",\"urlTemplate\":\"https:\\\/\\\/www.kapi.ltd\\\/sq\\\/?s={search_term_string}\"},\"query-input\":{\"@type\":\"PropertyValueSpecification\",\"valueRequired\":true,\"valueName\":\"search_term_string\"}}],\"inLanguage\":\"sq\"}]}<\/script>\n<!-- \/ Yoast SEO Premium plugin. -->","yoast_head_json":{"title":"Ev D\u0131\u015f Kap\u0131s\u0131 - \u0130\u00e7 Oda Kap\u0131lar\u0131 - \u00c7elik kap\u0131 modelleri - apartman kap\u0131lar\u0131","robots":{"index":"index","follow":"follow","max-snippet":"max-snippet:-1","max-image-preview":"max-image-preview:large","max-video-preview":"max-video-preview:-1"},"canonical":"https:\/\/www.kapi.ltd\/sq\/urun\/ev-dis-kapisi\/","og_locale":"sq_AL","og_type":"article","og_title":"Ev D\u0131\u015f Kap\u0131s\u0131","og_description":"Modern Tasar\u0131ml\u0131 Antrasit ve Ah\u015fap Renkli \u00c7elik Ev Kap\u0131s\u0131 Ev kap\u0131s\u0131, bir evin g\u00fcvenli\u011fini sa\u011flamak ve d\u0131\u015f mekanla i\u00e7 mekan aras\u0131ndaki ge\u00e7i\u015fi d\u00fczenlemek i\u00e7in en \u00f6nemli unsurlardan biridir. Bunun yan\u0131 s\u0131ra, ev d\u0131\u015f kap\u0131s\u0131, evin d\u0131\u015f g\u00f6r\u00fcn\u00fcm\u00fcn\u00fc tamamlayan ve ya\u015fam alan\u0131n\u0131z\u0131n tarz\u0131n\u0131 yans\u0131tan bir \u00f6\u011fedir. Hem g\u00fcvenli\u011fi art\u0131ran hem de estetik a\u00e7\u0131dan \u015f\u0131kl\u0131k sa\u011flayan giri\u015f","og_url":"https:\/\/www.kapi.ltd\/sq\/urun\/ev-dis-kapisi\/","og_site_name":"\u0130\u00e7 Oda Kap\u0131lar\u0131 - \u00c7elik kap\u0131 modelleri - apartman kap\u0131lar\u0131","og_image":[{"width":650,"height":975,"url":"https:\/\/www.kapi.ltd\/wp-content\/uploads\/2025\/10\/ev-dis-kapisi.webp","type":"image\/webp"}],"twitter_card":"summary_large_image","twitter_misc":{"Est. reading time":"4 minuta"},"schema":{"@context":"https:\/\/schema.org","@graph":[{"@type":"WebPage","@id":"https:\/\/www.kapi.ltd\/sq\/urun\/ev-dis-kapisi\/","url":"https:\/\/www.kapi.ltd\/sq\/urun\/ev-dis-kapisi\/","name":"Ev D\u0131\u015f Kap\u0131s\u0131 - \u0130\u00e7 Oda Kap\u0131lar\u0131 - \u00c7elik kap\u0131 modelleri - apartman kap\u0131lar\u0131","isPartOf":{"@id":"https:\/\/www.kapi.ltd\/sq\/#website"},"primaryImageOfPage":{"@id":"https:\/\/www.kapi.ltd\/sq\/urun\/ev-dis-kapisi\/#primaryimage"},"image":{"@id":"https:\/\/www.kapi.ltd\/sq\/urun\/ev-dis-kapisi\/#primaryimage"},"thumbnailUrl":"https:\/\/www.kapi.ltd\/wp-content\/uploads\/2025\/10\/ev-dis-kapisi.webp","datePublished":"2025-10-29T21:48:17+00:00","breadcrumb":{"@id":"https:\/\/www.kapi.ltd\/sq\/urun\/ev-dis-kapisi\/#breadcrumb"},"inLanguage":"sq","potentialAction":[{"@type":"ReadAction","target":["https:\/\/www.kapi.ltd\/sq\/urun\/ev-dis-kapisi\/"]}]},{"@type":"ImageObject","inLanguage":"sq","@id":"https:\/\/www.kapi.ltd\/sq\/urun\/ev-dis-kapisi\/#primaryimage","url":"https:\/\/www.kapi.ltd\/wp-content\/uploads\/2025\/10\/ev-dis-kapisi.webp","contentUrl":"https:\/\/www.kapi.ltd\/wp-content\/uploads\/2025\/10\/ev-dis-kapisi.webp","width":650,"height":975,"caption":"ev d\u0131\u015f kap\u0131s\u0131"},{"@type":"BreadcrumbList","@id":"https:\/\/www.kapi.ltd\/sq\/urun\/ev-dis-kapisi\/#breadcrumb","itemListElement":[{"@type":"ListItem","position":1,"name":"Anasayfa","item":"https:\/\/www.kapi.ltd\/sq\/"},{"@type":"ListItem","position":2,"name":"ic-kapi-celik-kapi-modelleri","item":"https:\/\/www.kapi.ltd\/?page_id=4263"},{"@type":"ListItem","position":3,"name":"Ev D\u0131\u015f Kap\u0131s\u0131"}]},{"@type":"WebSite","@id":"https:\/\/www.kapi.ltd\/sq\/#website","url":"https:\/\/www.kapi.ltd\/sq\/","name":"\u0130\u00e7 Kap\u0131 Ve \u00c7elik Kap\u0131 Modelleri","description":"T\u00fcrkiye Kap\u0131 Modelleri Merkezi","potentialAction":[{"@type":"SearchAction","target":{"@type":"EntryPoint","urlTemplate":"https:\/\/www.kapi.ltd\/sq\/?s={search_term_string}"},"query-input":{"@type":"PropertyValueSpecification","valueRequired":true,"valueName":"search_term_string"}}],"inLanguage":"sq"}]}},"_links":{"self":[{"href":"https:\/\/www.kapi.ltd\/sq\/wp-json\/wp\/v2\/product\/7399","targetHints":{"allow":["GET"]}}],"collection":[{"href":"https:\/\/www.kapi.ltd\/sq\/wp-json\/wp\/v2\/product"}],"about":[{"href":"https:\/\/www.kapi.ltd\/sq\/wp-json\/wp\/v2\/types\/product"}],"version-history":[{"count":0,"href":"https:\/\/www.kapi.ltd\/sq\/wp-json\/wp\/v2\/product\/7399\/revisions"}],"wp:featuredmedia":[{"embeddable":true,"href":"https:\/\/www.kapi.ltd\/sq\/wp-json\/wp\/v2\/media\/7400"}],"wp:attachment":[{"href":"https:\/\/www.kapi.ltd\/sq\/wp-json\/wp\/v2\/media?parent=7399"}],"wp:term":[{"taxonomy":"product_brand","embeddable":true,"href":"https:\/\/www.kapi.ltd\/sq\/wp-json\/wp\/v2\/product_brand?post=7399"},{"taxonomy":"product_cat","embeddable":true,"href":"https:\/\/www.kapi.ltd\/sq\/wp-json\/wp\/v2\/product_cat?post=7399"},{"taxonomy":"product_tag","embeddable":true,"href":"https:\/\/www.kapi.ltd\/sq\/wp-json\/wp\/v2\/product_tag?post=7399"}],"curies":[{"name":"wp","href":"https:\/\/api.w.org\/{rel}","templated":true}]}}