{"id":7055,"date":"2025-10-29T08:52:22","date_gmt":"2025-10-29T05:52:22","guid":{"rendered":"https:\/\/www.kapi.ltd\/urun\/yeni-celik-kapi-modelleri-4-2\/"},"modified":"2025-11-22T12:20:35","modified_gmt":"2025-11-22T09:20:35","slug":"modele-te-reja-te-derave-te-celikut-4","status":"publish","type":"product","link":"https:\/\/www.kapi.ltd\/sq\/urun\/modele-te-reja-te-derave-te-celikut-4\/","title":{"rendered":"Modele t\u00eb reja t\u00eb dyerve t\u00eb \u00e7elikut"},"content":{"rendered":"<article class=\"text-token-text-primary w-full focus:outline-none [--shadow-height:45px] has-data-writing-block:pointer-events-none has-data-writing-block:-mt-(--shadow-height) has-data-writing-block:pt-(--shadow-height) [&amp;:has([data-writing-block])&gt;*]:pointer-events-auto [content-visibility:auto] supports-[content-visibility:auto]:[contain-intrinsic-size:auto_100lvh] scroll-mt-[calc(var(--header-height)+min(200px,max(70px,20svh)))]\" dir=\"auto\" tabindex=\"-1\" data-turn-id=\"request-69011883-bfb8-832f-8603-e665053e85bf-0\" data-testid=\"conversation-turn-14\" data-scroll-anchor=\"true\" data-turn=\"assistant\">\n<div class=\"text-base my-auto mx-auto pb-10 [--thread-content-margin:--spacing(4)] thread-sm:[--thread-content-margin:--spacing(6)] thread-lg:[--thread-content-margin:--spacing(16)] px-(--thread-content-margin)\">\n<div class=\"[--thread-content-max-width:40rem] thread-lg:[--thread-content-max-width:48rem] mx-auto max-w-(--thread-content-max-width) flex-1 group\/turn-messages focus-visible:outline-hidden relative flex w-full min-w-0 flex-col agent-turn\" tabindex=\"-1\">\n<div class=\"flex max-w-full flex-col grow\">\n<div class=\"min-h-8 text-message relative flex w-full flex-col items-end gap-2 text-start break-words whitespace-normal [.text-message+&amp;]:mt-1\" dir=\"auto\" data-message-author-role=\"assistant\" data-message-id=\"b701aa8a-4bc7-429b-9af0-b8ba16ed6254\" data-message-model-slug=\"gpt-5\">\n<div class=\"flex w-full flex-col gap-1 empty:hidden first:pt-[1px]\">\n<div class=\"markdown prose dark:prose-invert w-full break-words light markdown-new-styling\">\n<p><strong>Modele t\u00eb reja dyersh \u00e7eliku: Rritni sigurin\u00eb me dizajne luksoze dhe linja moderne<\/strong><\/p>\n<p>Dera e hyrjes s\u00eb sht\u00ebpis\u00eb suaj luan nj\u00eb rol vendimtar si n\u00eb siguri ashtu edhe n\u00eb estetik\u00eb. N\u00eb hap\u00ebsirat moderne t\u00eb jetes\u00ebs s\u00eb sotme, dyert e \u00e7elikut jo vet\u00ebm q\u00eb duhet t\u00eb jen\u00eb t\u00eb q\u00ebndrueshme, por edhe t\u00eb ken\u00eb dizajne elegante dhe elegante. <strong>Modelet e reja t\u00eb dyerve t\u00eb \u00e7elikut <\/strong>i kombinojn\u00eb n\u00eb m\u00ebnyr\u00eb t\u00eb p\u00ebrkryer k\u00ebto dy element\u00eb t\u00eb r\u00ebnd\u00ebsish\u00ebm. <strong>Sistemet me mbyllje t\u00eb dyfisht\u00eb <\/strong>dhe <strong>tonet e drurit dhe ngjyrat antracit.<\/strong> Ky kombinim ofron standardet m\u00eb t\u00eb larta si n\u00eb siguri ashtu edhe n\u00eb pamje t\u00ebrheq\u00ebse. K\u00ebto <strong>dizajne luksoze <\/strong>jan\u00eb ve\u00e7an\u00ebrisht t\u00eb dukshme p\u00ebr linjat e tyre moderne.<\/p>\n<p><strong>Sistemi i ky\u00e7jes s\u00eb dyfisht\u00eb: \u00c7ojeni sigurin\u00eb n\u00eb nivelin m\u00eb t\u00eb lart\u00eb<\/strong><\/p>\n<p>Siguria ka qen\u00eb gjithmon\u00eb nj\u00eb p\u00ebrpar\u00ebsi p\u00ebr dyert e jashtme. <strong>Modelet <\/strong>e reja t\u00eb dyerve t\u00eb \u00e7elikut ofrojn\u00eb siguri shtes\u00eb me sistemet e tyre me mbyllje t\u00eb dyfisht\u00eb. Ky sistem me mbyllje t\u00eb dyfisht\u00eb jo vet\u00ebm q\u00eb e b\u00ebn t\u00eb v\u00ebshtir\u00eb hyrjen me forc\u00eb n\u00eb sht\u00ebpin\u00eb tuaj, por gjithashtu ju mbron ju dhe familjen tuaj nga element\u00ebt. Fal\u00eb nd\u00ebrtimit t\u00eb tyre t\u00eb fort\u00eb dhe t\u00eb q\u00ebndruesh\u00ebm, <strong>dyert e \u00e7elikut <\/strong>ofrojn\u00eb mbrojtje t\u00eb shk\u00eblqyer kund\u00ebr vjedhjes dhe hyrjes s\u00eb paautorizuar. Kjo ve\u00e7ori \u00ebsht\u00eb b\u00ebr\u00eb nj\u00eb zgjedhje ve\u00e7an\u00ebrisht e r\u00ebnd\u00ebsishme p\u00ebr ata q\u00eb jetojn\u00eb n\u00eb zona urbane ose p\u00ebr ata q\u00eb kan\u00eb shqet\u00ebsime p\u00ebr sigurin\u00eb.<\/p>\n<p><strong>Harmoni perfekte e toneve t\u00eb drurit dhe ngjyrave t\u00eb antracitit<\/strong><\/p>\n<p>Estetika \u00ebsht\u00eb po aq e r\u00ebnd\u00ebsishme sa siguria kur b\u00ebhet fjal\u00eb p\u00ebr p\u00ebrmir\u00ebsimin e pamjes s\u00eb jashtme t\u00eb sht\u00ebpis\u00eb suaj. <strong>Modelet e reja t\u00eb dyerve t\u00eb \u00e7elikut <\/strong>ofrojn\u00eb nj\u00eb qasje bashk\u00ebkohore n\u00eb dizajn me nj\u00eb kombinim t\u00eb <strong>toneve t\u00eb drurit dhe antracitit <\/strong>. Nd\u00ebrsa druri krijon nj\u00eb atmosfer\u00eb natyrale dhe t\u00eb ngroht\u00eb, antraciti ofron nj\u00eb pamje moderne dhe elegante. Harmonia e k\u00ebtyre dy ngjyrave i shton nj\u00eb aj\u00ebr luksoz der\u00ebs s\u00eb \u00e7elikut dhe i jep sht\u00ebpis\u00eb suaj nj\u00eb pamje prestigjioze.<\/p>\n<p>Prania e qet\u00eb dhe elegante e antracitit harmonizohet n\u00eb m\u00ebnyr\u00eb t\u00eb p\u00ebrkryer me sht\u00ebpit\u00eb moderne. <strong>Tonet e drurit <\/strong>i shtojn\u00eb k\u00ebtij dizajni nj\u00eb prekje natyrale dhe elegante, duke balancuar pamjen e ftoht\u00eb dhe t\u00eb ashp\u00ebr t\u00eb dyerve t\u00eb \u00e7elikut. <strong>Dizajnet luksoze q\u00eb rezultojn\u00eb <\/strong>kombinojn\u00eb eleganc\u00ebn dhe sigurin\u00eb n\u00eb nj\u00eb der\u00eb t\u00eb vetme.<\/p>\n<p><strong>Linjat Moderne: Estetika dhe Funksionaliteti S\u00eb Bashku<\/strong><\/p>\n<p><strong>Modelet e reja t\u00eb dyerve prej \u00e7eliku <\/strong>dallohen me linjat e tyre moderne. Dizajnet minimaliste dhe t\u00eb thjeshta jan\u00eb krijuar p\u00ebr t\u00eb plot\u00ebsuar dekorin e jasht\u00ebm t\u00eb sht\u00ebpis\u00eb. Dyert prej \u00e7eliku jo vet\u00ebm q\u00eb ofrojn\u00eb siguri, por edhe p\u00ebrmir\u00ebsojn\u00eb estetik\u00ebn e \u00e7do hap\u00ebsire t\u00eb jashtme. <strong>Linjat moderne <\/strong>dhe <strong>dizajnet luksoze <\/strong>i b\u00ebjn\u00eb k\u00ebto dyer jo vet\u00ebm hyrje, por edhe element\u00eb estetikisht t\u00eb k\u00ebndsh\u00ebm q\u00eb do t&#8217;i shtojn\u00eb nj\u00eb prekje elegance sht\u00ebpis\u00eb suaj.<\/p>\n<p>Struktura e fort\u00eb dhe linjat elegante t\u00eb dyerve t\u00eb \u00e7elikut jan\u00eb t\u00eb dizajnuara p\u00ebr t\u00eb p\u00ebrmbushur nevojat e arkitektur\u00ebs moderne. K\u00ebto <strong>dizajne luksoze <\/strong>jan\u00eb nj\u00eb zgjedhje ideale, ve\u00e7an\u00ebrisht p\u00ebr nd\u00ebrtesat bashk\u00ebkohore. P\u00ebr k\u00ebdo q\u00eb k\u00ebrkon nj\u00eb dizajn minimalist , elegant dhe t\u00eb sigurt <strong>, modelet e reja t\u00eb dyerve t\u00eb \u00e7elikut <\/strong>ofrojn\u00eb zgjidhjen perfekte.<\/p>\n<p><strong>Si p\u00ebrfundim <\/strong>, <strong>modelet e reja t\u00eb dyerve t\u00eb \u00e7elikut <\/strong>kombinojn\u00eb sigurin\u00eb, eleganc\u00ebn dhe linjat moderne, duke p\u00ebrmir\u00ebsuar pamjen e jashtme t\u00eb sht\u00ebpis\u00eb tuaj, nd\u00ebrkoh\u00eb q\u00eb sigurojn\u00eb nj\u00ebkoh\u00ebsisht sigurin\u00eb e brendshme. K\u00ebto dizajne luksoze, me <strong>sisteme me mbyllje t\u00eb dyfisht\u00eb <\/strong>, <strong>nuanca druri <\/strong>dhe <strong>ngjyra antraciti <\/strong>, jo vet\u00ebm q\u00eb p\u00ebrmir\u00ebsojn\u00eb pamjen estetike t\u00eb sht\u00ebpis\u00eb suaj, por ofrojn\u00eb edhe nj\u00eb zgjidhje t\u00eb shk\u00eblqyer sigurie. N\u00ebse d\u00ebshironi si siguri ashtu edhe estetik\u00eb, <strong>modelet moderne t\u00eb dyerve t\u00eb \u00e7elikut <\/strong>jan\u00eb perfekte p\u00ebr ju!<\/p>\n<p>&nbsp;<\/p>\n<\/div>\n<\/div>\n<\/div>\n<\/div>\n<div class=\"z-0 flex min-h-[46px] justify-start\"><\/div>\n<div class=\"mt-3 w-full empty:hidden\">\n<div class=\"text-center\"><\/div>\n<\/div>\n<\/div>\n<\/div>\n<\/article>\n<div class=\"pointer-events-none h-px w-px\" aria-hidden=\"true\" data-edge=\"true\"><\/div>\n","protected":false},"excerpt":{"rendered":"<p>Modele t\u00eb reja dyersh \u00e7eliku: Rritni sigurin\u00eb me dizajne luksoze dhe linja moderne Dera e hyrjes s\u00eb sht\u00ebpis\u00eb suaj luan nj\u00eb rol vendimtar si n\u00eb siguri ashtu edhe n\u00eb estetik\u00eb. N\u00eb hap\u00ebsirat moderne t\u00eb jetes\u00ebs s\u00eb sotme, dyert e \u00e7elikut jo vet\u00ebm q\u00eb duhet t\u00eb jen\u00eb t\u00eb q\u00ebndrueshme, por edhe t\u00eb ken\u00eb dizajne elegante dhe<\/p>\n","protected":false},"featured_media":7020,"template":"","meta":{"_bbp_topic_count":0,"_bbp_reply_count":0,"_bbp_total_topic_count":0,"_bbp_total_reply_count":0,"_bbp_voice_count":0,"_bbp_anonymous_reply_count":0,"_bbp_topic_count_hidden":0,"_bbp_reply_count_hidden":0,"_bbp_forum_subforum_count":0},"product_brand":[],"product_cat":[729],"product_tag":[],"class_list":{"0":"post-7055","1":"product","2":"type-product","3":"status-publish","4":"has-post-thumbnail","6":"product_cat-dyer-moderne-te-blinduara","8":"first","9":"instock","10":"shipping-taxable","11":"product-type-simple","12":"prodpage-classic"},"yoast_head":"<!-- This site is optimized with the Yoast SEO Premium plugin v26.6 (Yoast SEO v27.5) - https:\/\/yoast.com\/product\/yoast-seo-premium-wordpress\/ -->\n<title>Modele t\u00eb reja t\u00eb dyerve t\u00eb \u00e7elikut - der\u00eb e re \u00e7eliku - Modele t\u00eb reja t\u00eb dyerve t\u00eb \u00e7elikut<\/title>\n<meta name=\"description\" content=\"Modelet e reja t\u00eb dyerve prej \u00e7eliku kombinojn\u00eb eleganc\u00ebn e antracitit me nj\u00eb sistem sigurie me mbyllje t\u00eb dyfisht\u00eb dhe nuanca druri. Dyer moderne\" \/>\n<meta name=\"robots\" content=\"index, follow, max-snippet:-1, max-image-preview:large, max-video-preview:-1\" \/>\n<link rel=\"canonical\" href=\"https:\/\/www.kapi.ltd\/sq\/urun\/modele-te-reja-te-derave-te-celikut-4\/\" \/>\n<meta property=\"og:locale\" content=\"sq_AL\" \/>\n<meta property=\"og:type\" content=\"article\" \/>\n<meta property=\"og:title\" content=\"Modele t\u00eb reja t\u00eb dyerve t\u00eb \u00e7elikut\" \/>\n<meta property=\"og:description\" content=\"Modelet e reja t\u00eb dyerve prej \u00e7eliku kombinojn\u00eb eleganc\u00ebn e antracitit me nj\u00eb sistem sigurie me mbyllje t\u00eb dyfisht\u00eb dhe nuanca druri. Dyer moderne\" \/>\n<meta property=\"og:url\" content=\"https:\/\/www.kapi.ltd\/sq\/urun\/modele-te-reja-te-derave-te-celikut-4\/\" \/>\n<meta property=\"og:site_name\" content=\"\u0130\u00e7 Oda Kap\u0131lar\u0131 - \u00c7elik kap\u0131 modelleri - apartman kap\u0131lar\u0131\" \/>\n<meta property=\"article:modified_time\" content=\"2025-11-22T09:20:35+00:00\" \/>\n<meta property=\"og:image\" content=\"https:\/\/www.kapi.ltd\/wp-content\/uploads\/2025\/10\/yeni-celik-kapi-modelleri\u200b.webp\" \/>\n\t<meta property=\"og:image:width\" content=\"650\" \/>\n\t<meta property=\"og:image:height\" content=\"975\" \/>\n\t<meta property=\"og:image:type\" content=\"image\/webp\" \/>\n<meta name=\"twitter:card\" content=\"summary_large_image\" \/>\n<meta name=\"twitter:label1\" content=\"Est. reading time\" \/>\n\t<meta name=\"twitter:data1\" content=\"4 minuta\" \/>\n<script type=\"application\/ld+json\" class=\"yoast-schema-graph\">{\"@context\":\"https:\\\/\\\/schema.org\",\"@graph\":[{\"@type\":\"WebPage\",\"@id\":\"https:\\\/\\\/www.kapi.ltd\\\/sq\\\/urun\\\/modele-te-reja-te-derave-te-celikut-4\\\/\",\"url\":\"https:\\\/\\\/www.kapi.ltd\\\/sq\\\/urun\\\/modele-te-reja-te-derave-te-celikut-4\\\/\",\"name\":\"Modele t\u00eb reja t\u00eb dyerve t\u00eb \u00e7elikut - der\u00eb e re \u00e7eliku - Modele t\u00eb reja t\u00eb dyerve t\u00eb \u00e7elikut\",\"isPartOf\":{\"@id\":\"https:\\\/\\\/www.kapi.ltd\\\/sq\\\/#website\"},\"primaryImageOfPage\":{\"@id\":\"https:\\\/\\\/www.kapi.ltd\\\/sq\\\/urun\\\/modele-te-reja-te-derave-te-celikut-4\\\/#primaryimage\"},\"image\":{\"@id\":\"https:\\\/\\\/www.kapi.ltd\\\/sq\\\/urun\\\/modele-te-reja-te-derave-te-celikut-4\\\/#primaryimage\"},\"thumbnailUrl\":\"https:\\\/\\\/www.kapi.ltd\\\/wp-content\\\/uploads\\\/2025\\\/10\\\/yeni-celik-kapi-modelleri\u200b.webp\",\"datePublished\":\"2025-10-29T05:52:22+00:00\",\"dateModified\":\"2025-11-22T09:20:35+00:00\",\"description\":\"Modelet e reja t\u00eb dyerve prej \u00e7eliku kombinojn\u00eb eleganc\u00ebn e antracitit me nj\u00eb sistem sigurie me mbyllje t\u00eb dyfisht\u00eb dhe nuanca druri. Dyer moderne\",\"breadcrumb\":{\"@id\":\"https:\\\/\\\/www.kapi.ltd\\\/sq\\\/urun\\\/modele-te-reja-te-derave-te-celikut-4\\\/#breadcrumb\"},\"inLanguage\":\"sq\",\"potentialAction\":[{\"@type\":\"ReadAction\",\"target\":[\"https:\\\/\\\/www.kapi.ltd\\\/sq\\\/urun\\\/modele-te-reja-te-derave-te-celikut-4\\\/\"]}]},{\"@type\":\"ImageObject\",\"inLanguage\":\"sq\",\"@id\":\"https:\\\/\\\/www.kapi.ltd\\\/sq\\\/urun\\\/modele-te-reja-te-derave-te-celikut-4\\\/#primaryimage\",\"url\":\"https:\\\/\\\/www.kapi.ltd\\\/wp-content\\\/uploads\\\/2025\\\/10\\\/yeni-celik-kapi-modelleri\u200b.webp\",\"contentUrl\":\"https:\\\/\\\/www.kapi.ltd\\\/wp-content\\\/uploads\\\/2025\\\/10\\\/yeni-celik-kapi-modelleri\u200b.webp\",\"width\":650,\"height\":975,\"caption\":\"yeni \u00e7elik kap\u0131 modelleri\"},{\"@type\":\"BreadcrumbList\",\"@id\":\"https:\\\/\\\/www.kapi.ltd\\\/sq\\\/urun\\\/modele-te-reja-te-derave-te-celikut-4\\\/#breadcrumb\",\"itemListElement\":[{\"@type\":\"ListItem\",\"position\":1,\"name\":\"Anasayfa\",\"item\":\"https:\\\/\\\/www.kapi.ltd\\\/sq\\\/\"},{\"@type\":\"ListItem\",\"position\":2,\"name\":\"ic-kapi-celik-kapi-modelleri\",\"item\":\"https:\\\/\\\/www.kapi.ltd\\\/?page_id=4263\"},{\"@type\":\"ListItem\",\"position\":3,\"name\":\"Modele t\u00eb reja t\u00eb dyerve t\u00eb \u00e7elikut\"}]},{\"@type\":\"WebSite\",\"@id\":\"https:\\\/\\\/www.kapi.ltd\\\/sq\\\/#website\",\"url\":\"https:\\\/\\\/www.kapi.ltd\\\/sq\\\/\",\"name\":\"\u0130\u00e7 Kap\u0131 Ve \u00c7elik Kap\u0131 Modelleri\",\"description\":\"T\u00fcrkiye Kap\u0131 Modelleri Merkezi\",\"potentialAction\":[{\"@type\":\"SearchAction\",\"target\":{\"@type\":\"EntryPoint\",\"urlTemplate\":\"https:\\\/\\\/www.kapi.ltd\\\/sq\\\/?s={search_term_string}\"},\"query-input\":{\"@type\":\"PropertyValueSpecification\",\"valueRequired\":true,\"valueName\":\"search_term_string\"}}],\"inLanguage\":\"sq\"}]}<\/script>\n<!-- \/ Yoast SEO Premium plugin. -->","yoast_head_json":{"title":"Modele t\u00eb reja t\u00eb dyerve t\u00eb \u00e7elikut - der\u00eb e re \u00e7eliku - Modele t\u00eb reja t\u00eb dyerve t\u00eb \u00e7elikut","description":"Modelet e reja t\u00eb dyerve prej \u00e7eliku kombinojn\u00eb eleganc\u00ebn e antracitit me nj\u00eb sistem sigurie me mbyllje t\u00eb dyfisht\u00eb dhe nuanca druri. Dyer moderne","robots":{"index":"index","follow":"follow","max-snippet":"max-snippet:-1","max-image-preview":"max-image-preview:large","max-video-preview":"max-video-preview:-1"},"canonical":"https:\/\/www.kapi.ltd\/sq\/urun\/modele-te-reja-te-derave-te-celikut-4\/","og_locale":"sq_AL","og_type":"article","og_title":"Modele t\u00eb reja t\u00eb dyerve t\u00eb \u00e7elikut","og_description":"Modelet e reja t\u00eb dyerve prej \u00e7eliku kombinojn\u00eb eleganc\u00ebn e antracitit me nj\u00eb sistem sigurie me mbyllje t\u00eb dyfisht\u00eb dhe nuanca druri. Dyer moderne","og_url":"https:\/\/www.kapi.ltd\/sq\/urun\/modele-te-reja-te-derave-te-celikut-4\/","og_site_name":"\u0130\u00e7 Oda Kap\u0131lar\u0131 - \u00c7elik kap\u0131 modelleri - apartman kap\u0131lar\u0131","article_modified_time":"2025-11-22T09:20:35+00:00","og_image":[{"width":650,"height":975,"url":"https:\/\/www.kapi.ltd\/wp-content\/uploads\/2025\/10\/yeni-celik-kapi-modelleri\u200b.webp","type":"image\/webp"}],"twitter_card":"summary_large_image","twitter_misc":{"Est. reading time":"4 minuta"},"schema":{"@context":"https:\/\/schema.org","@graph":[{"@type":"WebPage","@id":"https:\/\/www.kapi.ltd\/sq\/urun\/modele-te-reja-te-derave-te-celikut-4\/","url":"https:\/\/www.kapi.ltd\/sq\/urun\/modele-te-reja-te-derave-te-celikut-4\/","name":"Modele t\u00eb reja t\u00eb dyerve t\u00eb \u00e7elikut - der\u00eb e re \u00e7eliku - Modele t\u00eb reja t\u00eb dyerve t\u00eb \u00e7elikut","isPartOf":{"@id":"https:\/\/www.kapi.ltd\/sq\/#website"},"primaryImageOfPage":{"@id":"https:\/\/www.kapi.ltd\/sq\/urun\/modele-te-reja-te-derave-te-celikut-4\/#primaryimage"},"image":{"@id":"https:\/\/www.kapi.ltd\/sq\/urun\/modele-te-reja-te-derave-te-celikut-4\/#primaryimage"},"thumbnailUrl":"https:\/\/www.kapi.ltd\/wp-content\/uploads\/2025\/10\/yeni-celik-kapi-modelleri\u200b.webp","datePublished":"2025-10-29T05:52:22+00:00","dateModified":"2025-11-22T09:20:35+00:00","description":"Modelet e reja t\u00eb dyerve prej \u00e7eliku kombinojn\u00eb eleganc\u00ebn e antracitit me nj\u00eb sistem sigurie me mbyllje t\u00eb dyfisht\u00eb dhe nuanca druri. Dyer moderne","breadcrumb":{"@id":"https:\/\/www.kapi.ltd\/sq\/urun\/modele-te-reja-te-derave-te-celikut-4\/#breadcrumb"},"inLanguage":"sq","potentialAction":[{"@type":"ReadAction","target":["https:\/\/www.kapi.ltd\/sq\/urun\/modele-te-reja-te-derave-te-celikut-4\/"]}]},{"@type":"ImageObject","inLanguage":"sq","@id":"https:\/\/www.kapi.ltd\/sq\/urun\/modele-te-reja-te-derave-te-celikut-4\/#primaryimage","url":"https:\/\/www.kapi.ltd\/wp-content\/uploads\/2025\/10\/yeni-celik-kapi-modelleri\u200b.webp","contentUrl":"https:\/\/www.kapi.ltd\/wp-content\/uploads\/2025\/10\/yeni-celik-kapi-modelleri\u200b.webp","width":650,"height":975,"caption":"yeni \u00e7elik kap\u0131 modelleri"},{"@type":"BreadcrumbList","@id":"https:\/\/www.kapi.ltd\/sq\/urun\/modele-te-reja-te-derave-te-celikut-4\/#breadcrumb","itemListElement":[{"@type":"ListItem","position":1,"name":"Anasayfa","item":"https:\/\/www.kapi.ltd\/sq\/"},{"@type":"ListItem","position":2,"name":"ic-kapi-celik-kapi-modelleri","item":"https:\/\/www.kapi.ltd\/?page_id=4263"},{"@type":"ListItem","position":3,"name":"Modele t\u00eb reja t\u00eb dyerve t\u00eb \u00e7elikut"}]},{"@type":"WebSite","@id":"https:\/\/www.kapi.ltd\/sq\/#website","url":"https:\/\/www.kapi.ltd\/sq\/","name":"\u0130\u00e7 Kap\u0131 Ve \u00c7elik Kap\u0131 Modelleri","description":"T\u00fcrkiye Kap\u0131 Modelleri Merkezi","potentialAction":[{"@type":"SearchAction","target":{"@type":"EntryPoint","urlTemplate":"https:\/\/www.kapi.ltd\/sq\/?s={search_term_string}"},"query-input":{"@type":"PropertyValueSpecification","valueRequired":true,"valueName":"search_term_string"}}],"inLanguage":"sq"}]}},"_links":{"self":[{"href":"https:\/\/www.kapi.ltd\/sq\/wp-json\/wp\/v2\/product\/7055","targetHints":{"allow":["GET"]}}],"collection":[{"href":"https:\/\/www.kapi.ltd\/sq\/wp-json\/wp\/v2\/product"}],"about":[{"href":"https:\/\/www.kapi.ltd\/sq\/wp-json\/wp\/v2\/types\/product"}],"version-history":[{"count":3,"href":"https:\/\/www.kapi.ltd\/sq\/wp-json\/wp\/v2\/product\/7055\/revisions"}],"predecessor-version":[{"id":7255,"href":"https:\/\/www.kapi.ltd\/sq\/wp-json\/wp\/v2\/product\/7055\/revisions\/7255"}],"wp:featuredmedia":[{"embeddable":true,"href":"https:\/\/www.kapi.ltd\/sq\/wp-json\/wp\/v2\/media\/7020"}],"wp:attachment":[{"href":"https:\/\/www.kapi.ltd\/sq\/wp-json\/wp\/v2\/media?parent=7055"}],"wp:term":[{"taxonomy":"product_brand","embeddable":true,"href":"https:\/\/www.kapi.ltd\/sq\/wp-json\/wp\/v2\/product_brand?post=7055"},{"taxonomy":"product_cat","embeddable":true,"href":"https:\/\/www.kapi.ltd\/sq\/wp-json\/wp\/v2\/product_cat?post=7055"},{"taxonomy":"product_tag","embeddable":true,"href":"https:\/\/www.kapi.ltd\/sq\/wp-json\/wp\/v2\/product_tag?post=7055"}],"curies":[{"name":"wp","href":"https:\/\/api.w.org\/{rel}","templated":true}]}}