{"id":7137,"date":"2025-10-01T21:26:22","date_gmt":"2025-10-01T21:26:22","guid":{"rendered":"https:\/\/www.kapi.ltd\/urun\/camli-oda-kapisi-2\/"},"modified":"2025-11-23T17:37:12","modified_gmt":"2025-11-23T14:37:12","slug":"porte-vitree","status":"publish","type":"product","link":"https:\/\/www.kapi.ltd\/fr\/urun\/porte-vitree\/","title":{"rendered":"Porte vitr\u00e9e"},"content":{"rendered":"<p><strong>Portes vitr\u00e9es : l&rsquo;\u00e9l\u00e9gance alliant esth\u00e9tique et fonctionnalit\u00e9<\/strong><\/p>\n<p>Lors de la d\u00e9coration de votre maison, il est essentiel de concevoir des espaces harmonieux sur les plans esth\u00e9tique et fonctionnel. C&rsquo;est pourquoi opter pour <strong>des portes vitr\u00e9es <\/strong>est un excellent choix pour ceux qui recherchent une ambiance moderne et \u00e9l\u00e9gante. Des mod\u00e8les comme <strong>les portes vitr\u00e9es pour le salon <\/strong>et <strong>la cuisine <\/strong>offrent non seulement une grande fonctionnalit\u00e9, mais aussi un attrait d\u00e9coratif. Dans cet article, nous aborderons les questions fr\u00e9quentes concernant <strong>les mod\u00e8les de portes vitr\u00e9es <\/strong>, leur processus de fabrication et leur prix.<\/p>\n<p><strong>Pourquoi pr\u00e9f\u00e8re-t-on les portes vitr\u00e9es ?<\/strong><\/p>\n<p><strong>portes vitr\u00e9es <\/strong>contribuent \u00e0 sublimer la d\u00e9coration int\u00e9rieure, notamment dans les pi\u00e8ces \u00e0 vivre comme le salon et la cuisine. <strong>Elles cr\u00e9ent une transition fluide entre les espaces et laissent entrer la lumi\u00e8re naturelle. Leur aspect plus \u00e9l\u00e9gant et esth\u00e9tique, compar\u00e9 \u00e0 d&rsquo;autres types de portes, est l&rsquo;une <\/strong>des principales raisons de leur popularit\u00e9.<\/p>\n<p>g\u00e9n\u00e9ralement privil\u00e9gi\u00e9es pour <strong>les salons <\/strong>et <strong>les cuisines , les portes opaques sont <\/strong>plus courantes dans les autres pi\u00e8ces . Ceci s&rsquo;explique principalement par le fait que la richesse visuelle et l&rsquo;\u00e9l\u00e9gance des portes vitr\u00e9es peuvent s&rsquo;av\u00e9rer inesth\u00e9tiques dans certaines pi\u00e8ces. De plus, les portes vitr\u00e9es laissent entrer la lumi\u00e8re , cr\u00e9ant ainsi l&rsquo;illusion d&rsquo;un espace plus grand. Par cons\u00e9quent, opter pour des portes vitr\u00e9es dans les petits espaces sombres peut contribuer \u00e0 agrandir visuellement la pi\u00e8ce et \u00e0 la rendre plus lumineuse.<\/p>\n<p><strong>Prix des portes vitr\u00e9es pour pi\u00e8ces<\/strong><\/p>\n<p><strong>Les portes vitr\u00e9es sont <\/strong>g\u00e9n\u00e9ralement plus ch\u00e8res <strong>que les portes sans verre <\/strong>. Cela s&rsquo;explique par le travail suppl\u00e9mentaire que n\u00e9cessitent l&rsquo;utilisation et la pose du verre. La d\u00e9coupe du verre est r\u00e9alis\u00e9e \u00e0 l&rsquo;aide de machines CNC sp\u00e9cialis\u00e9es, ce qui augmente les co\u00fbts de production. Bien que le verre soit un mat\u00e9riau durable et \u00e9l\u00e9gant, sa manipulation et son installation requi\u00e8rent une grande pr\u00e9cision. Par cons\u00e9quent, les portes vitr\u00e9es sont plus ch\u00e8res que les mod\u00e8les sans verre en raison de leurs co\u00fbts de production plus \u00e9lev\u00e9s.<\/p>\n<p><strong>Le processus de production des portes vitr\u00e9es<\/strong><\/p>\n<p>de <strong>portes vitr\u00e9es est un processus plus complexe et exigeant que celle des portes non vitr\u00e9es <\/strong>. Elle n\u00e9cessite plusieurs \u00e9tapes. Tout d&rsquo;abord, la structure de la porte est cr\u00e9\u00e9e, puis des machines \u00e0 commande num\u00e9rique (CNC) sp\u00e9cialis\u00e9es sont utilis\u00e9es pour r\u00e9aliser les ouvertures vitr\u00e9es. Enfin, les panneaux de verre sont assembl\u00e9s avec pr\u00e9cision pour \u00eatre install\u00e9s dans les rainures. Chaque \u00e9tape de la fabrication des portes vitr\u00e9es requiert une attention m\u00e9ticuleuse, car l&rsquo;assemblage et la pose du verre sont essentiels \u00e0 la durabilit\u00e9 et \u00e0 la s\u00e9curit\u00e9 de la porte. Par cons\u00e9quent, la fabrication de portes vitr\u00e9es est plus longue et n\u00e9cessite davantage de main-d&rsquo;\u0153uvre.<\/p>\n<p><strong>Avantages d\u00e9coratifs des portes vitr\u00e9es<\/strong><\/p>\n<p><strong>Les portes vitr\u00e9es apportent une r\u00e9elle plus- <\/strong>value esth\u00e9tique \u00e0 un espace . <strong>Les portes vitr\u00e9es de salon <\/strong>, en particulier, cr\u00e9ent un lien visuel entre l&rsquo;int\u00e9rieur et l&rsquo;ext\u00e9rieur gr\u00e2ce \u00e0 leurs larges surfaces vitr\u00e9es . Elles permettent ainsi de cr\u00e9er une atmosph\u00e8re plus spacieuse et moderne dans votre maison. De plus, les portes vitr\u00e9es offrent des options de personnalisation avec diff\u00e9rents motifs et types de verre. Disponibles en verre mat, \u00e0 motifs et clair, elles s&rsquo;adaptent \u00e0 tous les styles.<\/p>\n<p>Les portes vitr\u00e9es offrent des avantages \u00e0 la fois fonctionnels et esth\u00e9tiques. Elles augmentent la luminosit\u00e9 int\u00e9rieure et cr\u00e9ent une transition \u00e9l\u00e9gante entre les pi\u00e8ces. Pour ceux qui recherchent un style \u00e0 la fois pratique et \u00e9l\u00e9gant, en harmonie avec leur d\u00e9coration int\u00e9rieure, les portes vitr\u00e9es constituent un excellent choix.<\/p>\n<p><strong>En conclusion<\/strong><\/p>\n<p><strong>portes vitr\u00e9es <\/strong>rehaussent consid\u00e9rablement les espaces, tant sur le plan esth\u00e9tique qu&rsquo;\u00e9l\u00e9gant et fonctionnel. Particuli\u00e8rement appr\u00e9ci\u00e9es dans les salons et les cuisines, elles rendent ces pi\u00e8ces plus lumineuses et plus spacieuses. Bien que leur prix soit parfois plus \u00e9lev\u00e9, leur \u00e9l\u00e9gance et leur durabilit\u00e9 justifient pleinement cet investissement. Les portes <strong>vitr\u00e9es <\/strong>constituent un excellent choix pour la d\u00e9coration int\u00e9rieure, alliant fonctionnalit\u00e9 et esth\u00e9tique.<\/p>\n","protected":false},"excerpt":{"rendered":"<p>Portes vitr\u00e9es : l&rsquo;\u00e9l\u00e9gance alliant esth\u00e9tique et fonctionnalit\u00e9 Lors de la d\u00e9coration de votre maison, il est essentiel de concevoir des espaces harmonieux sur les plans esth\u00e9tique et fonctionnel. C&rsquo;est pourquoi opter pour des portes vitr\u00e9es est un excellent choix pour ceux qui recherchent une ambiance moderne et \u00e9l\u00e9gante. Des mod\u00e8les comme les portes vitr\u00e9es<\/p>\n","protected":false},"featured_media":6069,"template":"","meta":{"_bbp_topic_count":0,"_bbp_reply_count":0,"_bbp_total_topic_count":0,"_bbp_total_reply_count":0,"_bbp_voice_count":0,"_bbp_anonymous_reply_count":0,"_bbp_topic_count_hidden":0,"_bbp_reply_count_hidden":0,"_bbp_forum_subforum_count":0},"product_brand":[],"product_cat":[792],"product_tag":[],"class_list":{"0":"post-7137","1":"product","2":"type-product","3":"status-publish","4":"has-post-thumbnail","6":"product_cat-porte-laquee","8":"first","9":"instock","10":"shipping-taxable","11":"product-type-simple","12":"prodpage-classic"},"yoast_head":"<!-- This site is optimized with the Yoast SEO Premium plugin v26.6 (Yoast SEO v27.5) - https:\/\/yoast.com\/product\/yoast-seo-premium-wordpress\/ -->\n<title>Porte vitr\u00e9e - Prix \u200b\u200bdes portes vitr\u00e9es- mod\u00e8les de portes vitr\u00e9es<\/title>\n<meta name=\"description\" content=\"Les portes vitr\u00e9es sont plus ch\u00e8res que les portes classiques, car leur fabrication n\u00e9cessite un usinage CNC plus pouss\u00e9.\" \/>\n<meta name=\"robots\" content=\"index, follow, max-snippet:-1, max-image-preview:large, max-video-preview:-1\" \/>\n<link rel=\"canonical\" href=\"https:\/\/www.kapi.ltd\/fr\/urun\/porte-vitree\/\" \/>\n<meta property=\"og:locale\" content=\"fr_FR\" \/>\n<meta property=\"og:type\" content=\"article\" \/>\n<meta property=\"og:title\" content=\"Porte vitr\u00e9e\" \/>\n<meta property=\"og:description\" content=\"Les portes vitr\u00e9es sont plus ch\u00e8res que les portes classiques, car leur fabrication n\u00e9cessite un usinage CNC plus pouss\u00e9.\" \/>\n<meta property=\"og:url\" content=\"https:\/\/www.kapi.ltd\/fr\/urun\/porte-vitree\/\" \/>\n<meta property=\"og:site_name\" content=\"\u0130\u00e7 Oda Kap\u0131lar\u0131 - \u00c7elik kap\u0131 modelleri - apartman kap\u0131lar\u0131\" \/>\n<meta property=\"article:modified_time\" content=\"2025-11-23T14:37:12+00:00\" \/>\n<meta property=\"og:image\" content=\"https:\/\/www.kapi.ltd\/wp-content\/uploads\/2025\/10\/camli-oda-kapisi.webp\" \/>\n\t<meta property=\"og:image:width\" content=\"650\" \/>\n\t<meta property=\"og:image:height\" content=\"975\" \/>\n\t<meta property=\"og:image:type\" content=\"image\/webp\" \/>\n<meta name=\"twitter:card\" content=\"summary_large_image\" \/>\n<meta name=\"twitter:label1\" content=\"Dur\u00e9e de lecture estim\u00e9e\" \/>\n\t<meta name=\"twitter:data1\" content=\"5 minutes\" \/>\n<script type=\"application\/ld+json\" class=\"yoast-schema-graph\">{\"@context\":\"https:\\\/\\\/schema.org\",\"@graph\":[{\"@type\":\"WebPage\",\"@id\":\"https:\\\/\\\/www.kapi.ltd\\\/fr\\\/urun\\\/porte-vitree\\\/\",\"url\":\"https:\\\/\\\/www.kapi.ltd\\\/fr\\\/urun\\\/porte-vitree\\\/\",\"name\":\"Porte vitr\u00e9e - Prix \u200b\u200bdes portes vitr\u00e9es- mod\u00e8les de portes vitr\u00e9es\",\"isPartOf\":{\"@id\":\"https:\\\/\\\/www.kapi.ltd\\\/fr\\\/#website\"},\"primaryImageOfPage\":{\"@id\":\"https:\\\/\\\/www.kapi.ltd\\\/fr\\\/urun\\\/porte-vitree\\\/#primaryimage\"},\"image\":{\"@id\":\"https:\\\/\\\/www.kapi.ltd\\\/fr\\\/urun\\\/porte-vitree\\\/#primaryimage\"},\"thumbnailUrl\":\"https:\\\/\\\/www.kapi.ltd\\\/wp-content\\\/uploads\\\/2025\\\/10\\\/camli-oda-kapisi.webp\",\"datePublished\":\"2025-10-01T21:26:22+00:00\",\"dateModified\":\"2025-11-23T14:37:12+00:00\",\"description\":\"Les portes vitr\u00e9es sont plus ch\u00e8res que les portes classiques, car leur fabrication n\u00e9cessite un usinage CNC plus pouss\u00e9.\",\"breadcrumb\":{\"@id\":\"https:\\\/\\\/www.kapi.ltd\\\/fr\\\/urun\\\/porte-vitree\\\/#breadcrumb\"},\"inLanguage\":\"fr-FR\",\"potentialAction\":[{\"@type\":\"ReadAction\",\"target\":[\"https:\\\/\\\/www.kapi.ltd\\\/fr\\\/urun\\\/porte-vitree\\\/\"]}]},{\"@type\":\"ImageObject\",\"inLanguage\":\"fr-FR\",\"@id\":\"https:\\\/\\\/www.kapi.ltd\\\/fr\\\/urun\\\/porte-vitree\\\/#primaryimage\",\"url\":\"https:\\\/\\\/www.kapi.ltd\\\/wp-content\\\/uploads\\\/2025\\\/10\\\/camli-oda-kapisi.webp\",\"contentUrl\":\"https:\\\/\\\/www.kapi.ltd\\\/wp-content\\\/uploads\\\/2025\\\/10\\\/camli-oda-kapisi.webp\",\"width\":650,\"height\":975,\"caption\":\"caml\u0131 oda kap\u0131s\u0131\"},{\"@type\":\"BreadcrumbList\",\"@id\":\"https:\\\/\\\/www.kapi.ltd\\\/fr\\\/urun\\\/porte-vitree\\\/#breadcrumb\",\"itemListElement\":[{\"@type\":\"ListItem\",\"position\":1,\"name\":\"Anasayfa\",\"item\":\"https:\\\/\\\/www.kapi.ltd\\\/fr\\\/\"},{\"@type\":\"ListItem\",\"position\":2,\"name\":\"ic-kapi-celik-kapi-modelleri\",\"item\":\"https:\\\/\\\/www.kapi.ltd\\\/?page_id=4263\"},{\"@type\":\"ListItem\",\"position\":3,\"name\":\"Porte vitr\u00e9e\"}]},{\"@type\":\"WebSite\",\"@id\":\"https:\\\/\\\/www.kapi.ltd\\\/fr\\\/#website\",\"url\":\"https:\\\/\\\/www.kapi.ltd\\\/fr\\\/\",\"name\":\"\u0130\u00e7 Kap\u0131 Ve \u00c7elik Kap\u0131 Modelleri\",\"description\":\"T\u00fcrkiye Kap\u0131 Modelleri Merkezi\",\"potentialAction\":[{\"@type\":\"SearchAction\",\"target\":{\"@type\":\"EntryPoint\",\"urlTemplate\":\"https:\\\/\\\/www.kapi.ltd\\\/fr\\\/?s={search_term_string}\"},\"query-input\":{\"@type\":\"PropertyValueSpecification\",\"valueRequired\":true,\"valueName\":\"search_term_string\"}}],\"inLanguage\":\"fr-FR\"}]}<\/script>\n<!-- \/ Yoast SEO Premium plugin. -->","yoast_head_json":{"title":"Porte vitr\u00e9e - Prix \u200b\u200bdes portes vitr\u00e9es- mod\u00e8les de portes vitr\u00e9es","description":"Les portes vitr\u00e9es sont plus ch\u00e8res que les portes classiques, car leur fabrication n\u00e9cessite un usinage CNC plus pouss\u00e9.","robots":{"index":"index","follow":"follow","max-snippet":"max-snippet:-1","max-image-preview":"max-image-preview:large","max-video-preview":"max-video-preview:-1"},"canonical":"https:\/\/www.kapi.ltd\/fr\/urun\/porte-vitree\/","og_locale":"fr_FR","og_type":"article","og_title":"Porte vitr\u00e9e","og_description":"Les portes vitr\u00e9es sont plus ch\u00e8res que les portes classiques, car leur fabrication n\u00e9cessite un usinage CNC plus pouss\u00e9.","og_url":"https:\/\/www.kapi.ltd\/fr\/urun\/porte-vitree\/","og_site_name":"\u0130\u00e7 Oda Kap\u0131lar\u0131 - \u00c7elik kap\u0131 modelleri - apartman kap\u0131lar\u0131","article_modified_time":"2025-11-23T14:37:12+00:00","og_image":[{"width":650,"height":975,"url":"https:\/\/www.kapi.ltd\/wp-content\/uploads\/2025\/10\/camli-oda-kapisi.webp","type":"image\/webp"}],"twitter_card":"summary_large_image","twitter_misc":{"Dur\u00e9e de lecture estim\u00e9e":"5 minutes"},"schema":{"@context":"https:\/\/schema.org","@graph":[{"@type":"WebPage","@id":"https:\/\/www.kapi.ltd\/fr\/urun\/porte-vitree\/","url":"https:\/\/www.kapi.ltd\/fr\/urun\/porte-vitree\/","name":"Porte vitr\u00e9e - Prix \u200b\u200bdes portes vitr\u00e9es- mod\u00e8les de portes vitr\u00e9es","isPartOf":{"@id":"https:\/\/www.kapi.ltd\/fr\/#website"},"primaryImageOfPage":{"@id":"https:\/\/www.kapi.ltd\/fr\/urun\/porte-vitree\/#primaryimage"},"image":{"@id":"https:\/\/www.kapi.ltd\/fr\/urun\/porte-vitree\/#primaryimage"},"thumbnailUrl":"https:\/\/www.kapi.ltd\/wp-content\/uploads\/2025\/10\/camli-oda-kapisi.webp","datePublished":"2025-10-01T21:26:22+00:00","dateModified":"2025-11-23T14:37:12+00:00","description":"Les portes vitr\u00e9es sont plus ch\u00e8res que les portes classiques, car leur fabrication n\u00e9cessite un usinage CNC plus pouss\u00e9.","breadcrumb":{"@id":"https:\/\/www.kapi.ltd\/fr\/urun\/porte-vitree\/#breadcrumb"},"inLanguage":"fr-FR","potentialAction":[{"@type":"ReadAction","target":["https:\/\/www.kapi.ltd\/fr\/urun\/porte-vitree\/"]}]},{"@type":"ImageObject","inLanguage":"fr-FR","@id":"https:\/\/www.kapi.ltd\/fr\/urun\/porte-vitree\/#primaryimage","url":"https:\/\/www.kapi.ltd\/wp-content\/uploads\/2025\/10\/camli-oda-kapisi.webp","contentUrl":"https:\/\/www.kapi.ltd\/wp-content\/uploads\/2025\/10\/camli-oda-kapisi.webp","width":650,"height":975,"caption":"caml\u0131 oda kap\u0131s\u0131"},{"@type":"BreadcrumbList","@id":"https:\/\/www.kapi.ltd\/fr\/urun\/porte-vitree\/#breadcrumb","itemListElement":[{"@type":"ListItem","position":1,"name":"Anasayfa","item":"https:\/\/www.kapi.ltd\/fr\/"},{"@type":"ListItem","position":2,"name":"ic-kapi-celik-kapi-modelleri","item":"https:\/\/www.kapi.ltd\/?page_id=4263"},{"@type":"ListItem","position":3,"name":"Porte vitr\u00e9e"}]},{"@type":"WebSite","@id":"https:\/\/www.kapi.ltd\/fr\/#website","url":"https:\/\/www.kapi.ltd\/fr\/","name":"\u0130\u00e7 Kap\u0131 Ve \u00c7elik Kap\u0131 Modelleri","description":"T\u00fcrkiye Kap\u0131 Modelleri Merkezi","potentialAction":[{"@type":"SearchAction","target":{"@type":"EntryPoint","urlTemplate":"https:\/\/www.kapi.ltd\/fr\/?s={search_term_string}"},"query-input":{"@type":"PropertyValueSpecification","valueRequired":true,"valueName":"search_term_string"}}],"inLanguage":"fr-FR"}]}},"_links":{"self":[{"href":"https:\/\/www.kapi.ltd\/fr\/wp-json\/wp\/v2\/product\/7137","targetHints":{"allow":["GET"]}}],"collection":[{"href":"https:\/\/www.kapi.ltd\/fr\/wp-json\/wp\/v2\/product"}],"about":[{"href":"https:\/\/www.kapi.ltd\/fr\/wp-json\/wp\/v2\/types\/product"}],"version-history":[{"count":3,"href":"https:\/\/www.kapi.ltd\/fr\/wp-json\/wp\/v2\/product\/7137\/revisions"}],"predecessor-version":[{"id":7164,"href":"https:\/\/www.kapi.ltd\/fr\/wp-json\/wp\/v2\/product\/7137\/revisions\/7164"}],"wp:featuredmedia":[{"embeddable":true,"href":"https:\/\/www.kapi.ltd\/fr\/wp-json\/wp\/v2\/media\/6069"}],"wp:attachment":[{"href":"https:\/\/www.kapi.ltd\/fr\/wp-json\/wp\/v2\/media?parent=7137"}],"wp:term":[{"taxonomy":"product_brand","embeddable":true,"href":"https:\/\/www.kapi.ltd\/fr\/wp-json\/wp\/v2\/product_brand?post=7137"},{"taxonomy":"product_cat","embeddable":true,"href":"https:\/\/www.kapi.ltd\/fr\/wp-json\/wp\/v2\/product_cat?post=7137"},{"taxonomy":"product_tag","embeddable":true,"href":"https:\/\/www.kapi.ltd\/fr\/wp-json\/wp\/v2\/product_tag?post=7137"}],"curies":[{"name":"wp","href":"https:\/\/api.w.org\/{rel}","templated":true}]}}